{"id":7160,"date":"2024-07-08T16:55:37","date_gmt":"2024-07-08T14:55:37","guid":{"rendered":"https:\/\/www.mediationdedettes.be\/?post_type=prevention&#038;p=7160"},"modified":"2024-12-09T11:39:31","modified_gmt":"2024-12-09T10:39:31","slug":"de-caravan-van-opstandelingen","status":"publish","type":"prevention","link":"https:\/\/www.mediationdedettes.be\/nl\/prevention\/de-caravan-van-opstandelingen\/","title":{"rendered":"De \u201cKaravaan der opstandelingen!\u201d"},"content":{"rendered":"\n<div style=\"height:33px\" aria-hidden=\"true\" class=\"wp-block-spacer\"><\/div>\n\n\n\n<div class=\"wp-block-media-text is-stacked-on-mobile\" style=\"grid-template-columns:33% auto\"><figure class=\"wp-block-media-text__media\"><img loading=\"lazy\" decoding=\"async\" width=\"1000\" height=\"751\" src=\"https:\/\/www.mediationdedettes.be\/wp-content\/uploads\/2024\/07\/IMG_20240426_113948-1.jpg\" alt=\"\" class=\"wp-image-2794 size-full\" srcset=\"https:\/\/www.mediationdedettes.be\/wp-content\/uploads\/2024\/07\/IMG_20240426_113948-1.jpg 1000w, https:\/\/www.mediationdedettes.be\/wp-content\/uploads\/2024\/07\/IMG_20240426_113948-1-300x225.jpg 300w, https:\/\/www.mediationdedettes.be\/wp-content\/uploads\/2024\/07\/IMG_20240426_113948-1-768x577.jpg 768w\" sizes=\"auto, (max-width: 1000px) 100vw, 1000px\" \/><\/figure><div class=\"wp-block-media-text__content\">\n<h2 class=\"wp-block-heading\">De Karavaan der opstandelingen is klaar om te vertrekken!<\/h2>\n\n\n\n<h3 class=\"wp-block-heading\">Deze Karavaan is een burgerinitiatief, ontstaan dankzij R\u00e9mi Pons van de Compagnie Esquifs, in samenwerking met de vzw Trapes, het CASAF (Spullenhulp), het Centre Social Protestant en het Steunpunt.<\/h3>\n<\/div><\/div>\n\n\n\n<div style=\"height:46px\" aria-hidden=\"true\" class=\"wp-block-spacer\"><\/div>\n\n\n\n<hr class=\"wp-block-separator has-alpha-channel-opacity\"\/>\n\n\n\n<div class=\"wp-block-columns is-layout-flex wp-container-core-columns-is-layout-9d6595d7 wp-block-columns-is-layout-flex\">\n<div class=\"wp-block-column is-layout-flow wp-block-column-is-layout-flow\">\n<div style=\"height:47px\" aria-hidden=\"true\" class=\"wp-block-spacer\"><\/div>\n\n\n\n<h2 class=\"wp-block-heading has-text-align-center\"><strong>Maar wat is deze Karavaan precies?<\/strong><\/h2>\n\n\n\n<div style=\"height:28px\" aria-hidden=\"true\" class=\"wp-block-spacer\"><\/div>\n\n\n\n<div class=\"wp-block-media-text is-stacked-on-mobile\" style=\"grid-template-columns:35% auto\"><figure class=\"wp-block-media-text__media\"><img loading=\"lazy\" decoding=\"async\" width=\"480\" height=\"639\" src=\"https:\/\/www.mediationdedettes.be\/wp-content\/uploads\/2024\/07\/IMG_20240426_121355-Petit-rotated.jpg\" alt=\"\" class=\"wp-image-2817 size-full\" srcset=\"https:\/\/www.mediationdedettes.be\/wp-content\/uploads\/2024\/07\/IMG_20240426_121355-Petit-rotated.jpg 480w, https:\/\/www.mediationdedettes.be\/wp-content\/uploads\/2024\/07\/IMG_20240426_121355-Petit-225x300.jpg 225w\" sizes=\"auto, (max-width: 480px) 100vw, 480px\" \/><\/figure><div class=\"wp-block-media-text__content\"><div class=\"div_fond_bleu bd-f325zr0h8ggotr7523hy1llkx1alze wp-block-bd--- wp-block-bd-block-46\">\n\n<p class=\"has-text-align-justify\">De Karavaan der opstandelingen is een reis door Brussel, waarbij op zes verschillende locaties telkens twee halve dagen animatie worden georganiseerd: \u00e9\u00e9n keer om te Zeggen en te Delen. En een andere keer om te Cre\u00ebren rond het thema van schuldoverlast.<\/p>\n\n\n\n<div style=\"height:35px\" aria-hidden=\"true\" class=\"wp-block-spacer\"><\/div>\n\n\n\n<p class=\"has-text-align-justify\"><strong>Aan het einde van het jaar<\/strong> strijkt de Karavaan neer in het Cultureel Centrum Bruegel voor een weekend vol tentoonstellingen. Afspraak op <strong>14 en 15 november 2024!<\/strong><\/p>\n\n<\/div><\/div><\/div>\n\n\n\n<div style=\"height:77px\" aria-hidden=\"true\" class=\"wp-block-spacer\"><\/div>\n\n\n\n<h2 class=\"wp-block-heading has-text-align-center\"><strong>Wat doen we daar<\/strong> ?<\/h2>\n\n\n\n<div style=\"height:28px\" aria-hidden=\"true\" class=\"wp-block-spacer\"><\/div>\n\n\n\n<div class=\"wp-block-media-text has-media-on-the-right is-stacked-on-mobile is-vertically-aligned-center\" style=\"grid-template-columns:auto 45%\"><div class=\"wp-block-media-text__content\"><div class=\"div_fond_bleu bd-f325zr0h8ggotr7523hy1llkx1alze wp-block-bd--- wp-block-bd-block-46\">\n\n<blockquote class=\"wp-block-quote is-layout-flow wp-block-quote-is-layout-flow\">\n<p><strong>Grote groepssessies<\/strong>: We ontmoeten elkaar, delen ervaringen en wisselen idee\u00ebn uit.<\/p>\n\n\n\n<p><strong>Kleine groepen<\/strong>: Intiemere gesprekken over persoonlijke kwesties die verband houden met kwetsbaarheid en armoede.<\/p>\n\n\n\n<p><strong>Creatieve workshops en stands<\/strong>: om werken te maken die zullen worden tentoongesteld tijdens de grote expositie in het Cultureel Centrum Bruegel in november!<\/p>\n<\/blockquote>\n\n<\/div><\/div><figure class=\"wp-block-media-text__media\"><img loading=\"lazy\" decoding=\"async\" width=\"480\" height=\"640\" src=\"https:\/\/www.mediationdedettes.be\/wp-content\/uploads\/2024\/07\/IMG_20240412_120404004-Petit-rotated.jpg\" alt=\"\" class=\"wp-image-2826 size-full\" srcset=\"https:\/\/www.mediationdedettes.be\/wp-content\/uploads\/2024\/07\/IMG_20240412_120404004-Petit-rotated.jpg 480w, https:\/\/www.mediationdedettes.be\/wp-content\/uploads\/2024\/07\/IMG_20240412_120404004-Petit-225x300.jpg 225w\" sizes=\"auto, (max-width: 480px) 100vw, 480px\" \/><\/figure><\/div>\n<\/div>\n\n\n\n<div class=\"wp-block-column is-layout-flow wp-block-column-is-layout-flow\">\n<h2 class=\"wp-block-heading has-text-align-center\"><strong>Het doel van de Karavaan?<\/strong><\/h2>\n\n\n<div class=\"div_fond_bleu bd-f325zr0h8ggotr7523hy1llkx1alze wp-block-bd--- wp-block-bd-block-46\">\n\n<blockquote class=\"wp-block-quote is-layout-flow wp-block-quote-is-layout-flow\">\n<div style=\"height:13px\" aria-hidden=\"true\" class=\"wp-block-spacer\"><\/div>\n\n\n\n<p><em>\u201cVooroordelen over armoede bestrijden, onze ervaringen en tips delen, ons minder alleen voelen, het woord nemen en elkaar kracht geven om het probleem van schuldoverlast bespreekbaar te maken.&#8221;<\/em><\/p>\n<\/blockquote>\n\n<\/div>\n\n\n<div style=\"height:22px\" aria-hidden=\"true\" class=\"wp-block-spacer\"><\/div>\n\n\n\n<div style=\"height:38px\" aria-hidden=\"true\" class=\"wp-block-spacer\"><\/div>\n\n\n\n<figure class=\"wp-block-image aligncenter size-full is-resized\"><img loading=\"lazy\" decoding=\"async\" width=\"639\" height=\"480\" src=\"https:\/\/www.mediationdedettes.be\/wp-content\/uploads\/2024\/07\/IMG_20240426_114036-Petit.jpg\" alt=\"\" class=\"wp-image-2822\" style=\"width:394px;height:auto\" srcset=\"https:\/\/www.mediationdedettes.be\/wp-content\/uploads\/2024\/07\/IMG_20240426_114036-Petit.jpg 639w, https:\/\/www.mediationdedettes.be\/wp-content\/uploads\/2024\/07\/IMG_20240426_114036-Petit-300x225.jpg 300w\" sizes=\"auto, (max-width: 639px) 100vw, 639px\" \/><\/figure>\n\n\n\n<div style=\"height:126px\" aria-hidden=\"true\" class=\"wp-block-spacer\"><\/div>\n\n\n\n<h2 class=\"wp-block-heading has-text-align-center\"><strong>Een echte Caravan of een symbool?<\/strong><\/h2>\n\n\n\n<div style=\"height:11px\" aria-hidden=\"true\" class=\"wp-block-spacer\"><\/div>\n\n\n<div class=\"div_fond_bleu bd-f325zr0h8ggotr7523hy1llkx1alze wp-block-bd--- wp-block-bd-block-46\">\n\n<p><strong>Hoewel het verleidelijk is om een echte Caravan te gebruiken om in de openbare ruimte te installeren, was dat niet onze keuze. In plaats daarvan is het winkelwagentje (caddie) het symbool van de Karavaan geworden.<\/strong><\/p>\n\n\n\n<div style=\"height:19px\" aria-hidden=\"true\" class=\"wp-block-spacer\"><\/div>\n\n\n\n<p>Het winkelwagentje symboliseert de te hoge kosten van basisgoederen, die voor velen onbetaalbaar zijn geworden. Iedereen draagt een schort, een symbool overgenomen van de suffragettes uit de 20e eeuw, samen met een boodschap en een bord om de komst van de Karavaan van opstandelingen aan te kondigen.<\/p>\n\n\n\n<div style=\"height:25px\" aria-hidden=\"true\" class=\"wp-block-spacer\"><\/div>\n\n\n\n<p>De Karavaan trekt door elke locatie en houdt daar halt voor twee halve dagen vol uitwisselingen en creatieve sessies.<\/p>\n\n<\/div>\n\n\n<div style=\"height:42px\" aria-hidden=\"true\" class=\"wp-block-spacer\"><\/div>\n<\/div>\n<\/div>\n\n\n<div class=\"div_fond_bleu bd-f325zr0h8ggotr7523hy1llkx1alze wp-block-bd--- wp-block-bd-block-46\">\n\n<p class=\"has-text-align-center\"><strong>De Karavaan der opstandelingen trok door Brussel in de lente van 2024 en maakte de volgende stops:<\/strong><\/p>\n\n\n\n<ul class=\"wp-block-list\">\n<li><strong>Laken<\/strong>: Huis van Creatie op 11 en 18 maart.<\/li>\n\n\n\n<li><strong>Sint-Gillis<\/strong>: Zaal DK op 5 en 12 april.<\/li>\n\n\n\n<li><strong>Schaarbeek<\/strong>: Zaal Rasquinet op 19 en 26 april.<\/li>\n\n\n\n<li><strong>Molenbeek<\/strong>: Zaal Piment op 16 en 23 mei.<\/li>\n\n\n\n<li><strong>Elsene:<\/strong> op 3 en 10 juni.<\/li>\n<\/ul>\n\n<\/div>\n\n\n<div style=\"height:37px\" aria-hidden=\"true\" class=\"wp-block-spacer\"><\/div>\n\n\n\n<hr class=\"wp-block-separator has-alpha-channel-opacity\"\/>\n\n\n\n<h3 class=\"wp-block-heading has-text-align-center\"><strong>De grote tentoonstelling van de Karavaan<br>vindt plaats op 14 en 15 november 2024 in het Cultureel Centrum Bruegel!<\/strong><br><\/h3>\n\n\n\n<hr class=\"wp-block-separator has-alpha-channel-opacity\"\/>\n\n\n\n<h2 class=\"wp-block-heading\"><strong>Voorbeelden van creaties<\/strong><\/h2>\n\n\n\n<div class=\"wp-block-columns is-layout-flex wp-container-core-columns-is-layout-9d6595d7 wp-block-columns-is-layout-flex\">\n<div class=\"wp-block-column is-layout-flow wp-block-column-is-layout-flow\" style=\"flex-basis:66.66%\"><div class=\"div_fond_bleu bd-f325zr0h8ggotr7523hy1llkx1alze wp-block-bd--- wp-block-bd-block-46\">\n\n<p><strong><br><br>In Schaarbeek, in zaal Rasquinet, leidde een middag van diverse creaties tot de productie van sprekende werken: maskers, keramiek en posters, onder andere.<\/strong><\/p>\n\n\n\n<div style=\"height:20px\" aria-hidden=\"true\" class=\"wp-block-spacer\"><\/div>\n\n\n\n<p><img loading=\"lazy\" decoding=\"async\" height=\"16\" width=\"16\" src=\"https:\/\/static.xx.fbcdn.net\/images\/emoji.php\/v9\/t62\/1\/16\/1f4b8.png\" alt=\"\ud83d\udcb8\"> <strong>De afbeeldingen spreken voor zich<\/strong>: Soms rebels, soms zeer persoonlijk en intiem, zijn de creaties een uitdrukking van de gevoelens van de mensen tegenover de dreigende armoede en de emoties die dit met zich meebrengt.<\/p>\n\n\n\n<div style=\"height:23px\" aria-hidden=\"true\" class=\"wp-block-spacer\"><\/div>\n\n\n\n<p><img loading=\"lazy\" decoding=\"async\" height=\"16\" width=\"16\" src=\"https:\/\/static.xx.fbcdn.net\/images\/emoji.php\/v9\/t46\/1\/16\/1f3fa.png\" alt=\"\ud83c\udffa\"> <strong>De fruitschaal<\/strong>: Dit symboliseert het belang van een gezonde voeding, een belangrijk moment van delen met kinderen, maar ook van bezorgdheden en moeilijkheden. Hoe blijf je je kinderen gezond voeden wanneer de prijzen blijven stijgen? Hoe houd je je levensethiek vast als de marktprijzen deze mogelijkheid steeds meer wegnemen?<\/p>\n\n\n\n<div style=\"height:19px\" aria-hidden=\"true\" class=\"wp-block-spacer\"><\/div>\n\n\n\n<p><img loading=\"lazy\" decoding=\"async\" height=\"16\" width=\"16\" src=\"https:\/\/static.xx.fbcdn.net\/images\/emoji.php\/v9\/t56\/1\/16\/1f47a.png\" alt=\"\ud83d\udc7a\"> <strong>De maskers<\/strong>: De emoties worden uitgedrukt door de maskers, vooral diegene die we niet altijd kunnen verwoorden.<\/p>\n\n<\/div><\/div>\n\n\n\n<div class=\"wp-block-column is-layout-flow wp-block-column-is-layout-flow\" style=\"flex-basis:33.33%\">\n<figure class=\"wp-block-image aligncenter size-large is-resized\"><img loading=\"lazy\" decoding=\"async\" width=\"769\" height=\"1024\" src=\"https:\/\/www.mediationdedettes.be\/wp-content\/uploads\/2024\/07\/IMG_20240426_114543-769x1024.jpg\" alt=\"\" class=\"wp-image-2804\" style=\"width:263px;height:auto\" srcset=\"https:\/\/www.mediationdedettes.be\/wp-content\/uploads\/2024\/07\/IMG_20240426_114543-769x1024.jpg 769w, https:\/\/www.mediationdedettes.be\/wp-content\/uploads\/2024\/07\/IMG_20240426_114543-225x300.jpg 225w, https:\/\/www.mediationdedettes.be\/wp-content\/uploads\/2024\/07\/IMG_20240426_114543-768x1023.jpg 768w, https:\/\/www.mediationdedettes.be\/wp-content\/uploads\/2024\/07\/IMG_20240426_114543.jpg 1000w\" sizes=\"auto, (max-width: 769px) 100vw, 769px\" \/><\/figure>\n<\/div>\n<\/div>\n\n\n\n<div style=\"height:26px\" aria-hidden=\"true\" class=\"wp-block-spacer\"><\/div>\n\n\n\n<div class=\"wp-block-columns is-layout-flex wp-container-core-columns-is-layout-9d6595d7 wp-block-columns-is-layout-flex\">\n<div class=\"wp-block-column is-layout-flow wp-block-column-is-layout-flow\" style=\"flex-basis:33.33%\">\n<figure class=\"wp-block-image aligncenter size-full is-resized\"><img loading=\"lazy\" decoding=\"async\" width=\"480\" height=\"639\" src=\"https:\/\/www.mediationdedettes.be\/wp-content\/uploads\/2024\/07\/IMG_20240426_120821-Petit-rotated.jpg\" alt=\"\" class=\"wp-image-2813\" style=\"width:277px;height:auto\" srcset=\"https:\/\/www.mediationdedettes.be\/wp-content\/uploads\/2024\/07\/IMG_20240426_120821-Petit-rotated.jpg 480w, https:\/\/www.mediationdedettes.be\/wp-content\/uploads\/2024\/07\/IMG_20240426_120821-Petit-225x300.jpg 225w\" sizes=\"auto, (max-width: 480px) 100vw, 480px\" \/><\/figure>\n<\/div>\n\n\n\n<div class=\"wp-block-column is-layout-flow wp-block-column-is-layout-flow\" style=\"flex-basis:66.66%\">\n<div style=\"height:29px\" aria-hidden=\"true\" class=\"wp-block-spacer\"><\/div>\n\n\n<div class=\"div_fond_bleu bd-f325zr0h8ggotr7523hy1llkx1alze wp-block-bd--- wp-block-bd-block-46\">\n\n<p><strong><br><br>In Sint-Gillis hebben de stands eerst verschillende thema&#8217;s verkend: de ontdekking en analyse van de inhoud van een voedselpakket dat door de sociale hulp wordt verstrekt. Een moment van delen en intimiteit rondom de ervaringen van iedereen.<\/strong><\/p>\n\n\n\n<div style=\"height:21px\" aria-hidden=\"true\" class=\"wp-block-spacer\"><\/div>\n\n\n\n<p><img loading=\"lazy\" decoding=\"async\" height=\"16\" width=\"16\" src=\"https:\/\/static.xx.fbcdn.net\/images\/emoji.php\/v9\/t5a\/1\/16\/1f4b0.png\" alt=\"\ud83d\udcb0\"> <strong>Er volgde een foto-taal <\/strong>over de ervaring van overmatige schulden, waarmee de verbinding en steun tussen de deelnemers zonder twijfel werd versterkt.<\/p>\n\n\n\n<div style=\"height:21px\" aria-hidden=\"true\" class=\"wp-block-spacer\"><\/div>\n\n\n\n<p><img loading=\"lazy\" decoding=\"async\" height=\"16\" width=\"16\" src=\"https:\/\/static.xx.fbcdn.net\/images\/emoji.php\/v9\/tdf\/1\/16\/1f4b5.png\" alt=\"\ud83d\udcb5\"> <strong>\ud83d\udcb5 Woordzoeker<\/strong>: Uit deze ervaring kwam een woordzoeker voort, vol betekenis en diepgang.<\/p>\n\n\n\n<div style=\"height:21px\" aria-hidden=\"true\" class=\"wp-block-spacer\"><\/div>\n\n\n\n<p><img loading=\"lazy\" decoding=\"async\" height=\"16\" width=\"16\" src=\"https:\/\/static.xx.fbcdn.net\/images\/emoji.php\/v9\/td9\/1\/16\/1fa99.png\" alt=\"\ud83e\ude99\"> <strong>In een tweede fase<\/strong> ontstaat expressiviteit en worden er prachtige, zeer persoonlijke posters gecre\u00eberd. Ze getuigen van de innerlijke stem, klaar om zich uit te drukken op een veelvoud aan manieren wanneer ze de ruimte krijgt.<\/p>\n\n<\/div><\/div>\n<\/div>\n\n\n\n<hr class=\"wp-block-separator has-alpha-channel-opacity\"\/>\n\n\n\n<div style=\"height:36px\" aria-hidden=\"true\" class=\"wp-block-spacer\"><\/div>\n\n\n\n<h2 class=\"wp-block-heading\">Foto&#8217;s<\/h2>\n\n\n\n<div class=\"wp-block-responsive-block-editor-addons-gallery-masonry\"><div class=\"responsive-block-editor-addons-gallery has-no-alignment has-border-radius-13 has-caption-style-dark has-gutter\"><div style=\"display:flex;flex-direction:row;justify-content:center;align-content:stretch;box-sizing:border-box;width:100%;gap:0\" class=\"has-gutter-20 has-gutter-mobile-15\"><div style=\"display:flex;flex-direction:column;justify-content:flex-start;align-content:stretch;flex:1px;width:0;gap:0\"><li class=\"responsive-block-editor-addons-gallery--item\"><figure class=\"responsive-block-editor-addons-gallery--figure\"><img loading=\"lazy\" decoding=\"async\" width=\"671\" height=\"1024\" style=\"width:;height:\" src=\"https:\/\/www.mediationdedettes.be\/wp-content\/uploads\/2024\/07\/IMG_20240426_114021-671x1024.jpg\" alt=\"\" data-id=\"2798\" data-link=\"https:\/\/www.mediationdedettes.be\/prevention\/la-caravane-des-revoltes\/img_20240426_114021\/\" class=\"wp-image-2798\" srcset=\"https:\/\/www.mediationdedettes.be\/wp-content\/uploads\/2024\/07\/IMG_20240426_114021-671x1024.jpg 671w, https:\/\/www.mediationdedettes.be\/wp-content\/uploads\/2024\/07\/IMG_20240426_114021-196x300.jpg 196w, https:\/\/www.mediationdedettes.be\/wp-content\/uploads\/2024\/07\/IMG_20240426_114021-768x1173.jpg 768w, https:\/\/www.mediationdedettes.be\/wp-content\/uploads\/2024\/07\/IMG_20240426_114021.jpg 1000w\" sizes=\"auto, (max-width: 671px) 100vw, 671px\" \/><\/figure><\/li><li class=\"responsive-block-editor-addons-gallery--item\"><figure class=\"responsive-block-editor-addons-gallery--figure\"><img loading=\"lazy\" decoding=\"async\" width=\"639\" height=\"480\" style=\"width:;height:\" src=\"https:\/\/www.mediationdedettes.be\/wp-content\/uploads\/2024\/07\/IMG_20240426_114311-Petit-1.jpg\" alt=\"\" data-id=\"2844\" data-link=\"https:\/\/www.mediationdedettes.be\/prevention\/la-caravane-des-revoltes\/img_20240426_114311-petit-1\/\" class=\"wp-image-2844\" srcset=\"https:\/\/www.mediationdedettes.be\/wp-content\/uploads\/2024\/07\/IMG_20240426_114311-Petit-1.jpg 639w, https:\/\/www.mediationdedettes.be\/wp-content\/uploads\/2024\/07\/IMG_20240426_114311-Petit-1-300x225.jpg 300w\" sizes=\"auto, (max-width: 639px) 100vw, 639px\" \/><\/figure><\/li><li class=\"responsive-block-editor-addons-gallery--item\"><figure class=\"responsive-block-editor-addons-gallery--figure\"><img loading=\"lazy\" decoding=\"async\" width=\"640\" height=\"480\" style=\"width:;height:\" src=\"https:\/\/www.mediationdedettes.be\/wp-content\/uploads\/2024\/07\/IMG_20240412_083658995-Petit.jpg\" alt=\"\" data-id=\"2837\" data-link=\"https:\/\/www.mediationdedettes.be\/prevention\/la-caravane-des-revoltes\/img_20240412_083658995-petit\/\" class=\"wp-image-2837\" srcset=\"https:\/\/www.mediationdedettes.be\/wp-content\/uploads\/2024\/07\/IMG_20240412_083658995-Petit.jpg 640w, https:\/\/www.mediationdedettes.be\/wp-content\/uploads\/2024\/07\/IMG_20240412_083658995-Petit-300x225.jpg 300w\" sizes=\"auto, (max-width: 640px) 100vw, 640px\" \/><\/figure><\/li><li class=\"responsive-block-editor-addons-gallery--item\"><figure class=\"responsive-block-editor-addons-gallery--figure\"><img loading=\"lazy\" decoding=\"async\" width=\"769\" height=\"1024\" style=\"width:;height:\" src=\"https:\/\/www.mediationdedettes.be\/wp-content\/uploads\/2024\/07\/IMG_20240426_114245-769x1024.jpg\" alt=\"\" data-id=\"2800\" data-link=\"https:\/\/www.mediationdedettes.be\/prevention\/la-caravane-des-revoltes\/img_20240426_114245\/\" class=\"wp-image-2800\" srcset=\"https:\/\/www.mediationdedettes.be\/wp-content\/uploads\/2024\/07\/IMG_20240426_114245-769x1024.jpg 769w, https:\/\/www.mediationdedettes.be\/wp-content\/uploads\/2024\/07\/IMG_20240426_114245-225x300.jpg 225w, https:\/\/www.mediationdedettes.be\/wp-content\/uploads\/2024\/07\/IMG_20240426_114245-768x1023.jpg 768w, https:\/\/www.mediationdedettes.be\/wp-content\/uploads\/2024\/07\/IMG_20240426_114245.jpg 1000w\" sizes=\"auto, (max-width: 769px) 100vw, 769px\" \/><\/figure><\/li><\/div><div style=\"display:flex;flex-direction:column;justify-content:flex-start;align-content:stretch;flex:1px;width:0;gap:0\"><li class=\"responsive-block-editor-addons-gallery--item\"><figure class=\"responsive-block-editor-addons-gallery--figure\"><img loading=\"lazy\" decoding=\"async\" width=\"769\" height=\"1024\" style=\"width:;height:\" src=\"https:\/\/www.mediationdedettes.be\/wp-content\/uploads\/2024\/07\/IMG_20240426_121749-769x1024.jpg\" alt=\"\" data-id=\"2806\" data-link=\"https:\/\/www.mediationdedettes.be\/prevention\/la-caravane-des-revoltes\/img_20240426_121749\/\" class=\"wp-image-2806\" srcset=\"https:\/\/www.mediationdedettes.be\/wp-content\/uploads\/2024\/07\/IMG_20240426_121749-769x1024.jpg 769w, https:\/\/www.mediationdedettes.be\/wp-content\/uploads\/2024\/07\/IMG_20240426_121749-225x300.jpg 225w, https:\/\/www.mediationdedettes.be\/wp-content\/uploads\/2024\/07\/IMG_20240426_121749-768x1023.jpg 768w, https:\/\/www.mediationdedettes.be\/wp-content\/uploads\/2024\/07\/IMG_20240426_121749.jpg 1000w\" sizes=\"auto, (max-width: 769px) 100vw, 769px\" \/><\/figure><\/li><li class=\"responsive-block-editor-addons-gallery--item\"><figure class=\"responsive-block-editor-addons-gallery--figure\"><img loading=\"lazy\" decoding=\"async\" width=\"1000\" height=\"751\" style=\"width:;height:\" src=\"https:\/\/www.mediationdedettes.be\/wp-content\/uploads\/2024\/07\/IMG_20240426_113948-1.jpg\" alt=\"\" data-id=\"2794\" data-link=\"https:\/\/www.mediationdedettes.be\/prevention\/la-caravane-des-revoltes\/img_20240426_113948-1\/\" class=\"wp-image-2794\" srcset=\"https:\/\/www.mediationdedettes.be\/wp-content\/uploads\/2024\/07\/IMG_20240426_113948-1.jpg 1000w, https:\/\/www.mediationdedettes.be\/wp-content\/uploads\/2024\/07\/IMG_20240426_113948-1-300x225.jpg 300w, https:\/\/www.mediationdedettes.be\/wp-content\/uploads\/2024\/07\/IMG_20240426_113948-1-768x577.jpg 768w\" sizes=\"auto, (max-width: 1000px) 100vw, 1000px\" \/><\/figure><\/li><li class=\"responsive-block-editor-addons-gallery--item\"><figure class=\"responsive-block-editor-addons-gallery--figure\"><img loading=\"lazy\" decoding=\"async\" width=\"480\" height=\"640\" style=\"width:;height:\" src=\"https:\/\/www.mediationdedettes.be\/wp-content\/uploads\/2024\/07\/IMG_20240318_125825400_HDR-Petit-rotated.jpg\" alt=\"\" data-id=\"2835\" data-link=\"https:\/\/www.mediationdedettes.be\/prevention\/la-caravane-des-revoltes\/img_20240318_125825400_hdr-petit\/\" class=\"wp-image-2835\" srcset=\"https:\/\/www.mediationdedettes.be\/wp-content\/uploads\/2024\/07\/IMG_20240318_125825400_HDR-Petit-rotated.jpg 480w, https:\/\/www.mediationdedettes.be\/wp-content\/uploads\/2024\/07\/IMG_20240318_125825400_HDR-Petit-225x300.jpg 225w\" sizes=\"auto, (max-width: 480px) 100vw, 480px\" \/><\/figure><\/li><li class=\"responsive-block-editor-addons-gallery--item\"><figure class=\"responsive-block-editor-addons-gallery--figure\"><img loading=\"lazy\" decoding=\"async\" width=\"360\" height=\"480\" style=\"width:;height:\" src=\"https:\/\/www.mediationdedettes.be\/wp-content\/uploads\/2024\/07\/IMG_20240412_1157579692-Petit.jpg\" alt=\"\" data-id=\"2839\" data-link=\"https:\/\/www.mediationdedettes.be\/prevention\/la-caravane-des-revoltes\/img_20240412_1157579692-petit\/\" class=\"wp-image-2839\" srcset=\"https:\/\/www.mediationdedettes.be\/wp-content\/uploads\/2024\/07\/IMG_20240412_1157579692-Petit.jpg 360w, https:\/\/www.mediationdedettes.be\/wp-content\/uploads\/2024\/07\/IMG_20240412_1157579692-Petit-225x300.jpg 225w\" sizes=\"auto, (max-width: 360px) 100vw, 360px\" \/><\/figure><\/li><\/div><div style=\"display:flex;flex-direction:column;justify-content:flex-start;align-content:stretch;flex:1px;width:0;gap:0\"><li class=\"responsive-block-editor-addons-gallery--item\"><figure class=\"responsive-block-editor-addons-gallery--figure\"><img loading=\"lazy\" decoding=\"async\" width=\"769\" height=\"1024\" style=\"width:;height:\" src=\"https:\/\/www.mediationdedettes.be\/wp-content\/uploads\/2024\/07\/IMG_20240426_122035-1-769x1024.jpg\" alt=\"\" data-id=\"2808\" data-link=\"https:\/\/www.mediationdedettes.be\/prevention\/la-caravane-des-revoltes\/img_20240426_122035-1\/\" class=\"wp-image-2808\" srcset=\"https:\/\/www.mediationdedettes.be\/wp-content\/uploads\/2024\/07\/IMG_20240426_122035-1-769x1024.jpg 769w, https:\/\/www.mediationdedettes.be\/wp-content\/uploads\/2024\/07\/IMG_20240426_122035-1-225x300.jpg 225w, https:\/\/www.mediationdedettes.be\/wp-content\/uploads\/2024\/07\/IMG_20240426_122035-1-768x1023.jpg 768w, https:\/\/www.mediationdedettes.be\/wp-content\/uploads\/2024\/07\/IMG_20240426_122035-1.jpg 1000w\" sizes=\"auto, (max-width: 769px) 100vw, 769px\" \/><\/figure><\/li><li class=\"responsive-block-editor-addons-gallery--item\"><figure class=\"responsive-block-editor-addons-gallery--figure\"><img loading=\"lazy\" decoding=\"async\" width=\"769\" height=\"1024\" style=\"width:;height:\" src=\"https:\/\/www.mediationdedettes.be\/wp-content\/uploads\/2024\/07\/IMG_20240426_114543-769x1024.jpg\" alt=\"\" data-id=\"2804\" data-link=\"https:\/\/www.mediationdedettes.be\/prevention\/la-caravane-des-revoltes\/img_20240426_114543\/\" class=\"wp-image-2804\" srcset=\"https:\/\/www.mediationdedettes.be\/wp-content\/uploads\/2024\/07\/IMG_20240426_114543-769x1024.jpg 769w, https:\/\/www.mediationdedettes.be\/wp-content\/uploads\/2024\/07\/IMG_20240426_114543-225x300.jpg 225w, https:\/\/www.mediationdedettes.be\/wp-content\/uploads\/2024\/07\/IMG_20240426_114543-768x1023.jpg 768w, https:\/\/www.mediationdedettes.be\/wp-content\/uploads\/2024\/07\/IMG_20240426_114543.jpg 1000w\" sizes=\"auto, (max-width: 769px) 100vw, 769px\" \/><\/figure><\/li><li class=\"responsive-block-editor-addons-gallery--item\"><figure class=\"responsive-block-editor-addons-gallery--figure\"><img loading=\"lazy\" decoding=\"async\" width=\"769\" height=\"1024\" style=\"width:;height:\" src=\"https:\/\/www.mediationdedettes.be\/wp-content\/uploads\/2024\/07\/IMG_20240426_114324-769x1024.jpg\" alt=\"\" data-id=\"2802\" data-link=\"https:\/\/www.mediationdedettes.be\/prevention\/la-caravane-des-revoltes\/img_20240426_114324\/\" class=\"wp-image-2802\" srcset=\"https:\/\/www.mediationdedettes.be\/wp-content\/uploads\/2024\/07\/IMG_20240426_114324-769x1024.jpg 769w, https:\/\/www.mediationdedettes.be\/wp-content\/uploads\/2024\/07\/IMG_20240426_114324-225x300.jpg 225w, https:\/\/www.mediationdedettes.be\/wp-content\/uploads\/2024\/07\/IMG_20240426_114324-768x1023.jpg 768w, https:\/\/www.mediationdedettes.be\/wp-content\/uploads\/2024\/07\/IMG_20240426_114324.jpg 1000w\" sizes=\"auto, (max-width: 769px) 100vw, 769px\" \/><\/figure><\/li><li class=\"responsive-block-editor-addons-gallery--item\"><figure class=\"responsive-block-editor-addons-gallery--figure\"><img loading=\"lazy\" decoding=\"async\" width=\"639\" height=\"480\" style=\"width:;height:\" src=\"https:\/\/www.mediationdedettes.be\/wp-content\/uploads\/2024\/07\/IMG_20240426_121240-Petit.jpg\" alt=\"\" data-id=\"2846\" data-link=\"https:\/\/www.mediationdedettes.be\/prevention\/la-caravane-des-revoltes\/img_20240426_121240-petit\/\" class=\"wp-image-2846\" srcset=\"https:\/\/www.mediationdedettes.be\/wp-content\/uploads\/2024\/07\/IMG_20240426_121240-Petit.jpg 639w, https:\/\/www.mediationdedettes.be\/wp-content\/uploads\/2024\/07\/IMG_20240426_121240-Petit-300x225.jpg 300w\" sizes=\"auto, (max-width: 639px) 100vw, 639px\" \/><\/figure><\/li><\/div><\/div><\/div><\/div>\n\n\n\n<hr class=\"wp-block-separator has-alpha-channel-opacity\"\/>\n","protected":false},"featured_media":0,"template":"","class_list":["post-7160","prevention","type-prevention","status-publish","hentry"],"acf":[],"_links":{"self":[{"href":"https:\/\/www.mediationdedettes.be\/nl\/wp-json\/wp\/v2\/prevention\/7160","targetHints":{"allow":["GET"]}}],"collection":[{"href":"https:\/\/www.mediationdedettes.be\/nl\/wp-json\/wp\/v2\/prevention"}],"about":[{"href":"https:\/\/www.mediationdedettes.be\/nl\/wp-json\/wp\/v2\/types\/prevention"}],"wp:attachment":[{"href":"https:\/\/www.mediationdedettes.be\/nl\/wp-json\/wp\/v2\/media?parent=7160"}],"curies":[{"name":"wp","href":"https:\/\/api.w.org\/{rel}","templated":true}]}}